{"id":53,"date":"2024-08-23T16:26:24","date_gmt":"2024-08-23T14:26:24","guid":{"rendered":"https:\/\/lamarelleenchantee.ovh\/wordpress\/?page_id=53"},"modified":"2026-04-13T21:21:10","modified_gmt":"2026-04-13T19:21:10","slug":"bienvenue-sur-le-site-du-multi-accueil-la-marelle-enchantee","status":"publish","type":"page","link":"https:\/\/lamarelleenchantee.ovh\/wordpress\/","title":{"rendered":"Bienvenue sur le site du Multi-accueil &#8220;La Marelle Enchant\u00e9e&#8221;"},"content":{"rendered":"\n<div class=\"wp-block-group has-black-color has-text-color\" style=\"margin-top:0;margin-bottom:0\"><div class=\"wp-block-group__inner-container is-layout-constrained wp-block-group-is-layout-constrained\">\n<p class=\"wp-block-paragraph\"><strong>A la Une :<\/strong><\/p>\n<\/div><\/div>\n\n\n<div  class=\"wp-block-ultimate-post-post-slider-1 ultp-block-af6f30\"><div class=\"ultp-block-wrapper\"><div class=\"ultp-block-items-wrap\" data-arrows=\"1\" data-dots=\"1\" data-autoplay=\"1\" data-slidespeed=\"3000\" data-fade=\"1\" data-slidelg=\"1\" data-slidesm=\"1\" data-slidexs=\"1\"><div class=\"ultp-block-item post-id-1857\"><div><div class=\"ultp-block-slider-wrap\"><div class=\"ultp-block-image-inner\"><div class=\"ultp-block-image \"><a href=\"https:\/\/lamarelleenchantee.ovh\/wordpress\/visite-de-laura-de-la-ferme-la-boheme\/\" ><img decoding=\"async\"  src=\"https:\/\/lamarelleenchantee.ovh\/wordpress\/wp-content\/plugins\/ultimate-post\/assets\/img\/ultp-fallback-img.png\" alt=\"dummy-img\" \/><\/a><\/div><\/div><div class=\"ultp-block-content ultp-block-content-bottomPosition ultp-block-content-centerPosition\"><div class=\"ultp-block-content-inner\"><h3 class=\"ultp-block-title \"><a href=\"https:\/\/lamarelleenchantee.ovh\/wordpress\/visite-de-laura-de-la-ferme-la-boheme\/\" >Visite de Laura de la ferme La Boh\u00e8me<\/a><\/h3><div class=\"ultp-block-excerpt\"><p>Le 16 avril ce sont les animaux de la ferme La Boh\u00e8me qui sont venu nous rendre visite \u00e0 la cr\u00e8che ! Laura est venue &hellip;<\/p>\n<\/div><div class=\"ultp-block-readmore\"><a aria-label=\"Visite de Laura de la ferme La Boh\u00e8me\" href=\"https:\/\/lamarelleenchantee.ovh\/wordpress\/visite-de-laura-de-la-ferme-la-boheme\/\" >Lire la suite&#8230;<svg xmlns=\"http:\/\/www.w3.org\/2000\/svg\" fill=\"none\" viewBox=\"0 0 24 24\">\n  <path stroke=\"currentColor\" stroke-linecap=\"round\" stroke-linejoin=\"round\" stroke-width=\"1.5\" d=\"m12 20.5 8.5-8.5m0 0L12 3.5m8.5 8.5h-17\"\/>\n<\/svg>\n<\/a><\/div><\/div><\/div><\/div><\/div><\/div><div class=\"ultp-block-item post-id-1789\"><div><div class=\"ultp-block-slider-wrap\"><div class=\"ultp-block-image-inner\"><div class=\"ultp-block-image \"><a href=\"https:\/\/lamarelleenchantee.ovh\/wordpress\/ateliers-arbres-et-pate-a-modeler\/\" ><img decoding=\"async\"  src=\"https:\/\/lamarelleenchantee.ovh\/wordpress\/wp-content\/plugins\/ultimate-post\/assets\/img\/ultp-fallback-img.png\" alt=\"dummy-img\" \/><\/a><\/div><\/div><div class=\"ultp-block-content ultp-block-content-bottomPosition ultp-block-content-centerPosition\"><div class=\"ultp-block-content-inner\"><h3 class=\"ultp-block-title \"><a href=\"https:\/\/lamarelleenchantee.ovh\/wordpress\/ateliers-arbres-et-pate-a-modeler\/\" >Ateliers arbres et p\u00e2te \u00e0 modeler<\/a><\/h3><div class=\"ultp-block-excerpt\"><p>Adeline a propos\u00e9 aux enfants un atelier de manipulation tout en po\u00e9sie : d\u00e9corer des branches d&#8217;arbres avec de petits morceaux de p\u00e2te \u00e0 modeler, &hellip;<\/p>\n<\/div><div class=\"ultp-block-readmore\"><a aria-label=\"Ateliers arbres et p\u00e2te \u00e0 modeler\" href=\"https:\/\/lamarelleenchantee.ovh\/wordpress\/ateliers-arbres-et-pate-a-modeler\/\" >Lire la suite&#8230;<svg xmlns=\"http:\/\/www.w3.org\/2000\/svg\" fill=\"none\" viewBox=\"0 0 24 24\">\n  <path stroke=\"currentColor\" stroke-linecap=\"round\" stroke-linejoin=\"round\" stroke-width=\"1.5\" d=\"m12 20.5 8.5-8.5m0 0L12 3.5m8.5 8.5h-17\"\/>\n<\/svg>\n<\/a><\/div><\/div><\/div><\/div><\/div><\/div><div class=\"ultp-block-item post-id-1722\"><div><div class=\"ultp-block-slider-wrap\"><div class=\"ultp-block-image-inner\"><div class=\"ultp-block-image \"><a href=\"https:\/\/lamarelleenchantee.ovh\/wordpress\/visite-a-la-ferme-la-boheme-le-12-mars\/\" ><img decoding=\"async\"  src=\"https:\/\/lamarelleenchantee.ovh\/wordpress\/wp-content\/plugins\/ultimate-post\/assets\/img\/ultp-fallback-img.png\" alt=\"dummy-img\" \/><\/a><\/div><\/div><div class=\"ultp-block-content ultp-block-content-bottomPosition ultp-block-content-centerPosition\"><div class=\"ultp-block-content-inner\"><h3 class=\"ultp-block-title \"><a href=\"https:\/\/lamarelleenchantee.ovh\/wordpress\/visite-a-la-ferme-la-boheme-le-12-mars\/\" >Visite \u00e0 la ferme La Boh\u00e8me le 12 mars<\/a><\/h3><div class=\"ultp-block-excerpt\"><p>Une fois encore, nous avons pass\u00e9 un super moment \u00e0 la ferme, sous un grand soleil ! C&#8217;\u00e9tait la premi\u00e8re fois \u00e0 La Boh\u00e8me pour &hellip;<\/p>\n<\/div><div class=\"ultp-block-readmore\"><a aria-label=\"Visite \u00e0 la ferme La Boh\u00e8me le 12 mars\" href=\"https:\/\/lamarelleenchantee.ovh\/wordpress\/visite-a-la-ferme-la-boheme-le-12-mars\/\" >Lire la suite&#8230;<svg xmlns=\"http:\/\/www.w3.org\/2000\/svg\" fill=\"none\" viewBox=\"0 0 24 24\">\n  <path stroke=\"currentColor\" stroke-linecap=\"round\" stroke-linejoin=\"round\" stroke-width=\"1.5\" d=\"m12 20.5 8.5-8.5m0 0L12 3.5m8.5 8.5h-17\"\/>\n<\/svg>\n<\/a><\/div><\/div><\/div><\/div><\/div><\/div><div class=\"ultp-block-item post-id-1579\"><div><div class=\"ultp-block-slider-wrap\"><div class=\"ultp-block-image-inner\"><div class=\"ultp-block-image \"><a href=\"https:\/\/lamarelleenchantee.ovh\/wordpress\/carnaval-a-la-creche\/\" ><img decoding=\"async\"  alt=\"Carnaval \u00e0 la cr\u00e8che !\"  src=\"https:\/\/lamarelleenchantee.ovh\/wordpress\/wp-content\/uploads\/WhatsApp-Image-2026-02-24-at-18.59.30.jpeg\" \/><\/a><\/div><\/div><div class=\"ultp-block-content ultp-block-content-bottomPosition ultp-block-content-centerPosition\"><div class=\"ultp-block-content-inner\"><h3 class=\"ultp-block-title \"><a href=\"https:\/\/lamarelleenchantee.ovh\/wordpress\/carnaval-a-la-creche\/\" >Carnaval \u00e0 la cr\u00e8che !<\/a><\/h3><div class=\"ultp-block-excerpt\"><p>Le vendredi 20 f\u00e9vrier, nous avons f\u00eat\u00e9 Carnaval \u00e0 la cr\u00e8che. Les enfants \u00e9taient ravis de pouvoir se d\u00e9guiser et se maquiller. Ce jour-l\u00e0 le &hellip;<\/p>\n<\/div><div class=\"ultp-block-readmore\"><a aria-label=\"Carnaval \u00e0 la cr\u00e8che !\" href=\"https:\/\/lamarelleenchantee.ovh\/wordpress\/carnaval-a-la-creche\/\" >Lire la suite&#8230;<svg xmlns=\"http:\/\/www.w3.org\/2000\/svg\" fill=\"none\" viewBox=\"0 0 24 24\">\n  <path stroke=\"currentColor\" stroke-linecap=\"round\" stroke-linejoin=\"round\" stroke-width=\"1.5\" d=\"m12 20.5 8.5-8.5m0 0L12 3.5m8.5 8.5h-17\"\/>\n<\/svg>\n<\/a><\/div><\/div><\/div><\/div><\/div><\/div><div class=\"ultp-block-item post-id-1522\"><div><div class=\"ultp-block-slider-wrap\"><div class=\"ultp-block-image-inner\"><div class=\"ultp-block-image \"><a href=\"https:\/\/lamarelleenchantee.ovh\/wordpress\/visite-du-parc-animalier-de-ginasservis\/\" ><img decoding=\"async\"  alt=\"Visite du parc animalier de Ginasservis\"  src=\"https:\/\/lamarelleenchantee.ovh\/wordpress\/wp-content\/uploads\/WhatsApp-Image-2026-02-18-at-14.52.40-1.jpeg\" \/><\/a><\/div><\/div><div class=\"ultp-block-content ultp-block-content-bottomPosition ultp-block-content-centerPosition\"><div class=\"ultp-block-content-inner\"><h3 class=\"ultp-block-title \"><a href=\"https:\/\/lamarelleenchantee.ovh\/wordpress\/visite-du-parc-animalier-de-ginasservis\/\" >Visite du parc animalier de Ginasservis<\/a><\/h3><div class=\"ultp-block-excerpt\"><p>Le 17 f\u00e9vrier un groupe d&#8217;enfants a pu aller visiter le parc animalier de Ginasservis. Ils ont pass\u00e9 un super moment, \u00e0 observer les animaux, &hellip;<\/p>\n<\/div><div class=\"ultp-block-readmore\"><a aria-label=\"Visite du parc animalier de Ginasservis\" href=\"https:\/\/lamarelleenchantee.ovh\/wordpress\/visite-du-parc-animalier-de-ginasservis\/\" >Lire la suite&#8230;<svg xmlns=\"http:\/\/www.w3.org\/2000\/svg\" fill=\"none\" viewBox=\"0 0 24 24\">\n  <path stroke=\"currentColor\" stroke-linecap=\"round\" stroke-linejoin=\"round\" stroke-width=\"1.5\" d=\"m12 20.5 8.5-8.5m0 0L12 3.5m8.5 8.5h-17\"\/>\n<\/svg>\n<\/a><\/div><\/div><\/div><\/div><\/div><\/div><\/div><div class=\"ultp-slick-nav\" style=\"display:none\"><div class=\"ultp-slick-prev\"><div class=\"slick-arrow slick-prev\"><svg xmlns=\"http:\/\/www.w3.org\/2000\/svg\" fill=\"none\" viewBox=\"0 0 24 24\">\n  <path stroke=\"currentColor\" stroke-linecap=\"round\" stroke-linejoin=\"round\" stroke-width=\"1.5\" d=\"m15 18-6-6 6-6\"\/>\n<\/svg>\n<\/div><\/div><div class=\"ultp-slick-next\"><div class=\"slick-arrow slick-next\"><svg xmlns=\"http:\/\/www.w3.org\/2000\/svg\" fill=\"none\" viewBox=\"0 0 24 24\">\n  <path stroke=\"currentColor\" stroke-linecap=\"round\" stroke-linejoin=\"round\" stroke-width=\"1.5\" d=\"m9 18 6-6-6-6\"\/>\n<\/svg>\n<\/div><\/div><\/div><\/div><\/div>\n\n\n<div class=\"wp-block-query is-layout-flow wp-block-query-is-layout-flow\"><ul class=\"wp-block-post-template is-layout-grid wp-container-core-post-template-is-layout-834a86a0 wp-block-post-template-is-layout-grid\"><li class=\"wp-block-post post-1815 post type-post status-publish format-standard hentry category-accueil category-actualites category-vie_creche tag-ateliers-fevrier\">\n\n<div class=\"wp-block-group\" style=\"padding-top:30px;padding-right:30px;padding-bottom:30px;padding-left:30px\"><div class=\"wp-block-group__inner-container is-layout-flow wp-block-group-is-layout-flow\">\n<div class=\"wp-block-group is-nowrap is-layout-flex wp-container-core-group-is-layout-8f761849 wp-block-group-is-layout-flex\">\n<div class=\"wp-block-group is-vertical is-layout-flex wp-container-core-group-is-layout-4fc3f8e1 wp-block-group-is-layout-flex\"><h2 class=\"wp-block-post-title\"><a href=\"https:\/\/lamarelleenchantee.ovh\/wordpress\/ateliers-de-fevrier-2\/\" target=\"_self\" >Ateliers de f\u00e9vrier<\/a><\/h2>\n\n<div class=\"has-text-align-center wp-block-post-excerpt\"><p class=\"wp-block-post-excerpt__excerpt\">Quelques photos d\u2019ateliers du mois de f\u00e9vrier : exploration avec la table lumineuse et avec les petites bougies led.<\/p><p class=\"wp-block-post-excerpt__more-text\"><a class=\"wp-block-post-excerpt__more-link\" href=\"https:\/\/lamarelleenchantee.ovh\/wordpress\/ateliers-de-fevrier-2\/\">Lire la Suite&#8230;<\/a><\/p><\/div><\/div>\n\n\n<\/div>\n<\/div><\/div>\n\n<\/li><li class=\"wp-block-post post-1796 post type-post status-publish format-standard hentry category-accueil category-actualites\">\n\n<div class=\"wp-block-group\" style=\"padding-top:30px;padding-right:30px;padding-bottom:30px;padding-left:30px\"><div class=\"wp-block-group__inner-container is-layout-flow wp-block-group-is-layout-flow\">\n<div class=\"wp-block-group is-nowrap is-layout-flex wp-container-core-group-is-layout-8f761849 wp-block-group-is-layout-flex\">\n<div class=\"wp-block-group is-vertical is-layout-flex wp-container-core-group-is-layout-4fc3f8e1 wp-block-group-is-layout-flex\"><h2 class=\"wp-block-post-title\"><a href=\"https:\/\/lamarelleenchantee.ovh\/wordpress\/peinture-avec-des-bouchons-le-9-avril\/\" target=\"_self\" >Peinture avec des bouchons le 9 avril<\/a><\/h2>\n\n<div class=\"has-text-align-center wp-block-post-excerpt\"><p class=\"wp-block-post-excerpt__excerpt\"><\/p><p class=\"wp-block-post-excerpt__more-text\"><a class=\"wp-block-post-excerpt__more-link\" href=\"https:\/\/lamarelleenchantee.ovh\/wordpress\/peinture-avec-des-bouchons-le-9-avril\/\">Lire la Suite&#8230;<\/a><\/p><\/div><\/div>\n\n\n<\/div>\n<\/div><\/div>\n\n<\/li><li class=\"wp-block-post post-1789 post type-post status-publish format-standard hentry category-accueil category-actualites category-carroussel tag-arbres-pate-a-modeler\">\n\n<div class=\"wp-block-group\" style=\"padding-top:30px;padding-right:30px;padding-bottom:30px;padding-left:30px\"><div class=\"wp-block-group__inner-container is-layout-flow wp-block-group-is-layout-flow\">\n<div class=\"wp-block-group is-nowrap is-layout-flex wp-container-core-group-is-layout-8f761849 wp-block-group-is-layout-flex\">\n<div class=\"wp-block-group is-vertical is-layout-flex wp-container-core-group-is-layout-4fc3f8e1 wp-block-group-is-layout-flex\"><h2 class=\"wp-block-post-title\"><a href=\"https:\/\/lamarelleenchantee.ovh\/wordpress\/ateliers-arbres-et-pate-a-modeler\/\" target=\"_self\" >Ateliers arbres et p\u00e2te \u00e0 modeler<\/a><\/h2>\n\n<div class=\"has-text-align-center wp-block-post-excerpt\"><p class=\"wp-block-post-excerpt__excerpt\">Adeline a propos\u00e9 aux enfants un atelier de manipulation tout en po\u00e9sie : d\u00e9corer des branches d&#8217;arbres avec de petits morceaux de p\u00e2te \u00e0 modeler, afin de recr\u00e9er des arbres miniatures et color\u00e9s. Les enfants ont beaucoup aim\u00e9 cet atelier, ils sont rest\u00e9s longtemps concentr\u00e9s et ont pu rapporter leur cr\u00e9ations chez eux \ud83d\ude42<\/p><p class=\"wp-block-post-excerpt__more-text\"><a class=\"wp-block-post-excerpt__more-link\" href=\"https:\/\/lamarelleenchantee.ovh\/wordpress\/ateliers-arbres-et-pate-a-modeler\/\">Lire la Suite&#8230;<\/a><\/p><\/div><\/div>\n\n\n<\/div>\n<\/div><\/div>\n\n<\/li><li class=\"wp-block-post post-1754 post type-post status-publish format-standard hentry category-accueil category-actualites tag-ateliers-de-mars\">\n\n<div class=\"wp-block-group\" style=\"padding-top:30px;padding-right:30px;padding-bottom:30px;padding-left:30px\"><div class=\"wp-block-group__inner-container is-layout-flow wp-block-group-is-layout-flow\">\n<div class=\"wp-block-group is-nowrap is-layout-flex wp-container-core-group-is-layout-8f761849 wp-block-group-is-layout-flex\">\n<div class=\"wp-block-group is-vertical is-layout-flex wp-container-core-group-is-layout-4fc3f8e1 wp-block-group-is-layout-flex\"><h2 class=\"wp-block-post-title\"><a href=\"https:\/\/lamarelleenchantee.ovh\/wordpress\/quelques-ateliers-de-mars\/\" target=\"_self\" >Quelques ateliers de mars<\/a><\/h2>\n\n<div class=\"has-text-align-center wp-block-post-excerpt\"><p class=\"wp-block-post-excerpt__excerpt\"><\/p><p class=\"wp-block-post-excerpt__more-text\"><a class=\"wp-block-post-excerpt__more-link\" href=\"https:\/\/lamarelleenchantee.ovh\/wordpress\/quelques-ateliers-de-mars\/\">Lire la Suite&#8230;<\/a><\/p><\/div><\/div>\n\n\n<\/div>\n<\/div><\/div>\n\n<\/li><li class=\"wp-block-post post-1739 post type-post status-publish format-standard hentry category-accueil category-actualites tag-velo-quinson\">\n\n<div class=\"wp-block-group\" style=\"padding-top:30px;padding-right:30px;padding-bottom:30px;padding-left:30px\"><div class=\"wp-block-group__inner-container is-layout-flow wp-block-group-is-layout-flow\">\n<div class=\"wp-block-group is-nowrap is-layout-flex wp-container-core-group-is-layout-8f761849 wp-block-group-is-layout-flex\">\n<div class=\"wp-block-group is-vertical is-layout-flex wp-container-core-group-is-layout-4fc3f8e1 wp-block-group-is-layout-flex\"><h2 class=\"wp-block-post-title\"><a href=\"https:\/\/lamarelleenchantee.ovh\/wordpress\/sortie-velo-a-quinson-le-25-mars\/\" target=\"_self\" >Sortie v\u00e9lo \u00e0 Quinson le 25 mars<\/a><\/h2>\n\n<div class=\"has-text-align-center wp-block-post-excerpt\"><p class=\"wp-block-post-excerpt__excerpt\">Le 25 mars, nous avons eu de nouveau la possibilit\u00e9 de partager un moment de jeux avec le centre de loisirs de Quinson, pour une matin\u00e9e v\u00e9lo. Lise et les enfants du centre avaient pr\u00e9par\u00e9 un grand parcours : slaloms, rond-point, station de &#8220;car-wash&#8221;&#8230; Cela a \u00e9t\u00e9 l&#8217;occasion pour certains de se perfectionner et pour d&#8217;autres d&#8217;apprendre \u00e0 p\u00e9daler&#8230; sans roulettes ! Tous les enfants ont eu l&#8217;air d&#8217;adorer et sont rest\u00e9s un long moment sur le parcours.<\/p><p class=\"wp-block-post-excerpt__more-text\"><a class=\"wp-block-post-excerpt__more-link\" href=\"https:\/\/lamarelleenchantee.ovh\/wordpress\/sortie-velo-a-quinson-le-25-mars\/\">Lire la Suite&#8230;<\/a><\/p><\/div><\/div>\n\n\n<\/div>\n<\/div><\/div>\n\n<\/li><li class=\"wp-block-post post-1722 post type-post status-publish format-standard hentry category-accueil category-actualites category-carroussel tag-ferme-la-boheme-12-mars\">\n\n<div class=\"wp-block-group\" style=\"padding-top:30px;padding-right:30px;padding-bottom:30px;padding-left:30px\"><div class=\"wp-block-group__inner-container is-layout-flow wp-block-group-is-layout-flow\">\n<div class=\"wp-block-group is-nowrap is-layout-flex wp-container-core-group-is-layout-8f761849 wp-block-group-is-layout-flex\">\n<div class=\"wp-block-group is-vertical is-layout-flex wp-container-core-group-is-layout-4fc3f8e1 wp-block-group-is-layout-flex\"><h2 class=\"wp-block-post-title\"><a href=\"https:\/\/lamarelleenchantee.ovh\/wordpress\/visite-a-la-ferme-la-boheme-le-12-mars\/\" target=\"_self\" >Visite \u00e0 la ferme La Boh\u00e8me le 12 mars<\/a><\/h2>\n\n<div class=\"has-text-align-center wp-block-post-excerpt\"><p class=\"wp-block-post-excerpt__excerpt\">Une fois encore, nous avons pass\u00e9 un super moment \u00e0 la ferme, sous un grand soleil ! C&#8217;\u00e9tait la premi\u00e8re fois \u00e0 La Boh\u00e8me pour certains enfants, qui ont pu d\u00e9couvrir avec beaucoup d&#8217;int\u00e9r\u00eat les nombreux animaux de Laura, et leur donner quelques morceaux de pommes et de salade \u00e0 manger. Nous avons pu observer des terriens de lapins, o\u00f9 des lapereaux \u00e9taient n\u00e9s peu de temps auparavant. Au moment du pique-nique, l&#8217;aire de jeux a toujours un grand succ\u00e8s \u00e9galement \ud83d\ude42<\/p><p class=\"wp-block-post-excerpt__more-text\"><a class=\"wp-block-post-excerpt__more-link\" href=\"https:\/\/lamarelleenchantee.ovh\/wordpress\/visite-a-la-ferme-la-boheme-le-12-mars\/\">Lire la Suite&#8230;<\/a><\/p><\/div><\/div>\n\n\n<\/div>\n<\/div><\/div>\n\n<\/li><li class=\"wp-block-post post-1579 post type-post status-publish format-standard has-post-thumbnail hentry category-accueil category-actualites category-carroussel tag-carnaval\">\n\n<div class=\"wp-block-group\" style=\"padding-top:30px;padding-right:30px;padding-bottom:30px;padding-left:30px\"><div class=\"wp-block-group__inner-container is-layout-flow wp-block-group-is-layout-flow\">\n<div class=\"wp-block-group is-nowrap is-layout-flex wp-container-core-group-is-layout-8f761849 wp-block-group-is-layout-flex\">\n<div class=\"wp-block-group is-vertical is-layout-flex wp-container-core-group-is-layout-4fc3f8e1 wp-block-group-is-layout-flex\"><h2 class=\"wp-block-post-title\"><a href=\"https:\/\/lamarelleenchantee.ovh\/wordpress\/carnaval-a-la-creche\/\" target=\"_self\" >Carnaval \u00e0 la cr\u00e8che !<\/a><\/h2>\n\n<div class=\"has-text-align-center wp-block-post-excerpt\"><p class=\"wp-block-post-excerpt__excerpt\">Le vendredi 20 f\u00e9vrier, nous avons f\u00eat\u00e9 Carnaval \u00e0 la cr\u00e8che. Les enfants \u00e9taient ravis de pouvoir se d\u00e9guiser et se maquiller. Ce jour-l\u00e0 le repas des enfants s&#8217;est transform\u00e9 en pique-nique &#8220;g\u00e9ant&#8221;, joliment pr\u00e9sent\u00e9 par Adeline et Alexandra, qui autant ravi les papilles que les yeux. Pour l&#8217;animation et l&#8217;ambiance musicale, Fifi nous a fait le plaisir de nous rendre visite \u00e0 nouveau avec ses instruments et sa bonne humeur. Une tr\u00e8s belle journ\u00e9e haute en couleurs et en joie !<\/p><p class=\"wp-block-post-excerpt__more-text\"><a class=\"wp-block-post-excerpt__more-link\" href=\"https:\/\/lamarelleenchantee.ovh\/wordpress\/carnaval-a-la-creche\/\">Lire la Suite&#8230;<\/a><\/p><\/div><\/div>\n\n\n<figure class=\"wp-block-post-featured-image\"><a href=\"https:\/\/lamarelleenchantee.ovh\/wordpress\/carnaval-a-la-creche\/\" target=\"_self\"  ><img loading=\"lazy\" decoding=\"async\" width=\"1200\" height=\"1600\" src=\"https:\/\/lamarelleenchantee.ovh\/wordpress\/wp-content\/uploads\/WhatsApp-Image-2026-02-24-at-18.59.30.jpeg\" class=\"attachment-post-thumbnail size-post-thumbnail wp-post-image\" alt=\"Carnaval \u00e0 la cr\u00e8che !\" style=\"object-fit:cover;\" srcset=\"https:\/\/lamarelleenchantee.ovh\/wordpress\/wp-content\/uploads\/WhatsApp-Image-2026-02-24-at-18.59.30.jpeg 1200w, https:\/\/lamarelleenchantee.ovh\/wordpress\/wp-content\/uploads\/WhatsApp-Image-2026-02-24-at-18.59.30-225x300.jpeg 225w, https:\/\/lamarelleenchantee.ovh\/wordpress\/wp-content\/uploads\/WhatsApp-Image-2026-02-24-at-18.59.30-768x1024.jpeg 768w, https:\/\/lamarelleenchantee.ovh\/wordpress\/wp-content\/uploads\/WhatsApp-Image-2026-02-24-at-18.59.30-1152x1536.jpeg 1152w\" sizes=\"auto, (max-width: 1200px) 100vw, 1200px\" \/><\/a><\/figure><\/div>\n<\/div><\/div>\n\n<\/li><li class=\"wp-block-post post-1677 post type-post status-publish format-standard hentry category-accueil category-actualites category-vie_creche tag-mediatheque-greoux-24-mars\">\n\n<div class=\"wp-block-group\" style=\"padding-top:30px;padding-right:30px;padding-bottom:30px;padding-left:30px\"><div class=\"wp-block-group__inner-container is-layout-flow wp-block-group-is-layout-flow\">\n<div class=\"wp-block-group is-nowrap is-layout-flex wp-container-core-group-is-layout-8f761849 wp-block-group-is-layout-flex\">\n<div class=\"wp-block-group is-vertical is-layout-flex wp-container-core-group-is-layout-4fc3f8e1 wp-block-group-is-layout-flex\"><h2 class=\"wp-block-post-title\"><a href=\"https:\/\/lamarelleenchantee.ovh\/wordpress\/sortie-a-la-mediatheque-de-greoux-le-24-mars\/\" target=\"_self\" >Sortie \u00e0 la m\u00e9diath\u00e8que de Gr\u00e9oux le 24 mars<\/a><\/h2>\n\n<div class=\"has-text-align-center wp-block-post-excerpt\"><p class=\"wp-block-post-excerpt__excerpt\"><\/p><p class=\"wp-block-post-excerpt__more-text\"><a class=\"wp-block-post-excerpt__more-link\" href=\"https:\/\/lamarelleenchantee.ovh\/wordpress\/sortie-a-la-mediatheque-de-greoux-le-24-mars\/\">Lire la Suite&#8230;<\/a><\/p><\/div><\/div>\n\n\n<\/div>\n<\/div><\/div>\n\n<\/li><li class=\"wp-block-post post-1639 post type-post status-publish format-standard hentry category-accueil category-actualites category-vie_creche tag-sainte-croix\">\n\n<div class=\"wp-block-group\" style=\"padding-top:30px;padding-right:30px;padding-bottom:30px;padding-left:30px\"><div class=\"wp-block-group__inner-container is-layout-flow wp-block-group-is-layout-flow\">\n<div class=\"wp-block-group is-nowrap is-layout-flex wp-container-core-group-is-layout-8f761849 wp-block-group-is-layout-flex\">\n<div class=\"wp-block-group is-vertical is-layout-flex wp-container-core-group-is-layout-4fc3f8e1 wp-block-group-is-layout-flex\"><h2 class=\"wp-block-post-title\"><a href=\"https:\/\/lamarelleenchantee.ovh\/wordpress\/sortie-a-sainte-croix-le-23-fevrier\/\" target=\"_self\" >Sortie \u00e0 Sainte-Croix le 23 f\u00e9vrier<\/a><\/h2>\n\n<div class=\"has-text-align-center wp-block-post-excerpt\"><p class=\"wp-block-post-excerpt__excerpt\"><\/p><p class=\"wp-block-post-excerpt__more-text\"><a class=\"wp-block-post-excerpt__more-link\" href=\"https:\/\/lamarelleenchantee.ovh\/wordpress\/sortie-a-sainte-croix-le-23-fevrier\/\">Lire la Suite&#8230;<\/a><\/p><\/div><\/div>\n\n\n<\/div>\n<\/div><\/div>\n\n<\/li><li class=\"wp-block-post post-1541 post type-post status-publish format-standard hentry category-accueil category-actualites tag-pique-nique-au-parc-de-montagnac\">\n\n<div class=\"wp-block-group\" style=\"padding-top:30px;padding-right:30px;padding-bottom:30px;padding-left:30px\"><div class=\"wp-block-group__inner-container is-layout-flow wp-block-group-is-layout-flow\">\n<div class=\"wp-block-group is-nowrap is-layout-flex wp-container-core-group-is-layout-8f761849 wp-block-group-is-layout-flex\">\n<div class=\"wp-block-group is-vertical is-layout-flex wp-container-core-group-is-layout-4fc3f8e1 wp-block-group-is-layout-flex\"><h2 class=\"wp-block-post-title\"><a href=\"https:\/\/lamarelleenchantee.ovh\/wordpress\/pique-nique-au-parc-de-montagnac\/\" target=\"_self\" >Pique-nique au parc de Montagnac<\/a><\/h2>\n\n<div class=\"has-text-align-center wp-block-post-excerpt\"><p class=\"wp-block-post-excerpt__excerpt\">Le mercredi 18 f\u00e9vrier, les effectifs du jour nous ont permis de tous nous rendre au petit parc de jeu de Montagnac. Nous avons pu profiter du beau temps pour faire plein de jeux ext\u00e9rieurs et pique-niquer tous ensemble. Pour les plus petits, la sieste en poussette a \u00e9t\u00e9 un v\u00e9ritable succ\u00e8s et quel bonheur de pouvoir d\u00e9jeuner dehors !<\/p><p class=\"wp-block-post-excerpt__more-text\"><a class=\"wp-block-post-excerpt__more-link\" href=\"https:\/\/lamarelleenchantee.ovh\/wordpress\/pique-nique-au-parc-de-montagnac\/\">Lire la Suite&#8230;<\/a><\/p><\/div><\/div>\n\n\n<\/div>\n<\/div><\/div>\n\n<\/li><\/ul><\/div>\n\n\n\n<p class=\"has-text-align-center has-large-font-size wp-block-paragraph\"><mark style=\"background-color:rgba(0, 0, 0, 0)\" class=\"has-inline-color has-vivid-red-color\">Actualit\u00e9s<\/mark><\/p>\n\n\n\n<div class=\"wp-block-query is-layout-flow wp-block-query-is-layout-flow\"><ul class=\"wp-block-post-template is-layout-grid wp-container-core-post-template-is-layout-0a71dacf wp-block-post-template-is-layout-grid\"><li class=\"wp-block-post post-1857 post type-post status-publish format-standard hentry category-actualites category-carroussel tag-les-animaux-de-la-ferme-a-la-creche\">\n\n<div class=\"wp-block-group\" style=\"padding-top:30px;padding-right:30px;padding-bottom:30px;padding-left:30px\"><div class=\"wp-block-group__inner-container is-layout-flow wp-block-group-is-layout-flow\"><h2 class=\"has-text-align-center wp-block-post-title\"><a href=\"https:\/\/lamarelleenchantee.ovh\/wordpress\/visite-de-laura-de-la-ferme-la-boheme\/\" target=\"_self\" >Visite de Laura de la ferme La Boh\u00e8me<\/a><\/h2>\n\n<div class=\"has-text-align-center wp-block-post-date\"><time datetime=\"2026-04-28T14:46:43+02:00\">28 avril, 2026<\/time><\/div><\/div><\/div>\n\n<\/li><li class=\"wp-block-post post-1815 post type-post status-publish format-standard hentry category-accueil category-actualites category-vie_creche tag-ateliers-fevrier\">\n\n<div class=\"wp-block-group\" style=\"padding-top:30px;padding-right:30px;padding-bottom:30px;padding-left:30px\"><div class=\"wp-block-group__inner-container is-layout-flow wp-block-group-is-layout-flow\"><h2 class=\"has-text-align-center wp-block-post-title\"><a href=\"https:\/\/lamarelleenchantee.ovh\/wordpress\/ateliers-de-fevrier-2\/\" target=\"_self\" >Ateliers de f\u00e9vrier<\/a><\/h2>\n\n<div class=\"has-text-align-center wp-block-post-date\"><time datetime=\"2026-04-28T14:17:45+02:00\">28 avril, 2026<\/time><\/div><\/div><\/div>\n\n<\/li><li class=\"wp-block-post post-1796 post type-post status-publish format-standard hentry category-accueil category-actualites\">\n\n<div class=\"wp-block-group\" style=\"padding-top:30px;padding-right:30px;padding-bottom:30px;padding-left:30px\"><div class=\"wp-block-group__inner-container is-layout-flow wp-block-group-is-layout-flow\"><h2 class=\"has-text-align-center wp-block-post-title\"><a href=\"https:\/\/lamarelleenchantee.ovh\/wordpress\/peinture-avec-des-bouchons-le-9-avril\/\" target=\"_self\" >Peinture avec des bouchons le 9 avril<\/a><\/h2>\n\n<div class=\"has-text-align-center wp-block-post-date\"><time datetime=\"2026-04-28T13:38:04+02:00\">28 avril, 2026<\/time><\/div><\/div><\/div>\n\n<\/li><li class=\"wp-block-post post-1789 post type-post status-publish format-standard hentry category-accueil category-actualites category-carroussel tag-arbres-pate-a-modeler\">\n\n<div class=\"wp-block-group\" style=\"padding-top:30px;padding-right:30px;padding-bottom:30px;padding-left:30px\"><div class=\"wp-block-group__inner-container is-layout-flow wp-block-group-is-layout-flow\"><h2 class=\"has-text-align-center wp-block-post-title\"><a href=\"https:\/\/lamarelleenchantee.ovh\/wordpress\/ateliers-arbres-et-pate-a-modeler\/\" target=\"_self\" >Ateliers arbres et p\u00e2te \u00e0 modeler<\/a><\/h2>\n\n<div class=\"has-text-align-center wp-block-post-date\"><time datetime=\"2026-04-28T13:34:18+02:00\">28 avril, 2026<\/time><\/div><\/div><\/div>\n\n<\/li><li class=\"wp-block-post post-1754 post type-post status-publish format-standard hentry category-accueil category-actualites tag-ateliers-de-mars\">\n\n<div class=\"wp-block-group\" style=\"padding-top:30px;padding-right:30px;padding-bottom:30px;padding-left:30px\"><div class=\"wp-block-group__inner-container is-layout-flow wp-block-group-is-layout-flow\"><h2 class=\"has-text-align-center wp-block-post-title\"><a href=\"https:\/\/lamarelleenchantee.ovh\/wordpress\/quelques-ateliers-de-mars\/\" target=\"_self\" >Quelques ateliers de mars<\/a><\/h2>\n\n<div class=\"has-text-align-center wp-block-post-date\"><time datetime=\"2026-04-28T12:52:33+02:00\">28 avril, 2026<\/time><\/div><\/div><\/div>\n\n<\/li><li class=\"wp-block-post post-1739 post type-post status-publish format-standard hentry category-accueil category-actualites tag-velo-quinson\">\n\n<div class=\"wp-block-group\" style=\"padding-top:30px;padding-right:30px;padding-bottom:30px;padding-left:30px\"><div class=\"wp-block-group__inner-container is-layout-flow wp-block-group-is-layout-flow\"><h2 class=\"has-text-align-center wp-block-post-title\"><a href=\"https:\/\/lamarelleenchantee.ovh\/wordpress\/sortie-velo-a-quinson-le-25-mars\/\" target=\"_self\" >Sortie v\u00e9lo \u00e0 Quinson le 25 mars<\/a><\/h2>\n\n<div class=\"has-text-align-center wp-block-post-date\"><time datetime=\"2026-04-28T12:48:14+02:00\">28 avril, 2026<\/time><\/div><\/div><\/div>\n\n<\/li><li class=\"wp-block-post post-1722 post type-post status-publish format-standard hentry category-accueil category-actualites category-carroussel tag-ferme-la-boheme-12-mars\">\n\n<div class=\"wp-block-group\" style=\"padding-top:30px;padding-right:30px;padding-bottom:30px;padding-left:30px\"><div class=\"wp-block-group__inner-container is-layout-flow wp-block-group-is-layout-flow\"><h2 class=\"has-text-align-center wp-block-post-title\"><a href=\"https:\/\/lamarelleenchantee.ovh\/wordpress\/visite-a-la-ferme-la-boheme-le-12-mars\/\" target=\"_self\" >Visite \u00e0 la ferme La Boh\u00e8me le 12 mars<\/a><\/h2>\n\n<div class=\"has-text-align-center wp-block-post-date\"><time datetime=\"2026-04-28T12:39:12+02:00\">28 avril, 2026<\/time><\/div><\/div><\/div>\n\n<\/li><li class=\"wp-block-post post-1579 post type-post status-publish format-standard has-post-thumbnail hentry category-accueil category-actualites category-carroussel tag-carnaval\">\n\n<div class=\"wp-block-group\" style=\"padding-top:30px;padding-right:30px;padding-bottom:30px;padding-left:30px\"><div class=\"wp-block-group__inner-container is-layout-flow wp-block-group-is-layout-flow\"><h2 class=\"has-text-align-center wp-block-post-title\"><a href=\"https:\/\/lamarelleenchantee.ovh\/wordpress\/carnaval-a-la-creche\/\" target=\"_self\" >Carnaval \u00e0 la cr\u00e8che !<\/a><\/h2>\n\n<div class=\"has-text-align-center wp-block-post-date\"><time datetime=\"2026-03-31T15:35:17+02:00\">31 mars, 2026<\/time><\/div><\/div><\/div>\n\n<\/li><li class=\"wp-block-post post-1677 post type-post status-publish format-standard hentry category-accueil category-actualites category-vie_creche tag-mediatheque-greoux-24-mars\">\n\n<div class=\"wp-block-group\" style=\"padding-top:30px;padding-right:30px;padding-bottom:30px;padding-left:30px\"><div class=\"wp-block-group__inner-container is-layout-flow wp-block-group-is-layout-flow\"><h2 class=\"has-text-align-center wp-block-post-title\"><a href=\"https:\/\/lamarelleenchantee.ovh\/wordpress\/sortie-a-la-mediatheque-de-greoux-le-24-mars\/\" target=\"_self\" >Sortie \u00e0 la m\u00e9diath\u00e8que de Gr\u00e9oux le 24 mars<\/a><\/h2>\n\n<div class=\"has-text-align-center wp-block-post-date\"><time datetime=\"2026-03-31T15:29:16+02:00\">31 mars, 2026<\/time><\/div><\/div><\/div>\n\n<\/li><li class=\"wp-block-post post-1522 post type-post status-publish format-standard has-post-thumbnail hentry category-actualites category-carroussel tag-sortie-au-parc-animalier-de-ginasservis\">\n\n<div class=\"wp-block-group\" style=\"padding-top:30px;padding-right:30px;padding-bottom:30px;padding-left:30px\"><div class=\"wp-block-group__inner-container is-layout-flow wp-block-group-is-layout-flow\"><h2 class=\"has-text-align-center wp-block-post-title\"><a href=\"https:\/\/lamarelleenchantee.ovh\/wordpress\/visite-du-parc-animalier-de-ginasservis\/\" target=\"_self\" >Visite du parc animalier de Ginasservis<\/a><\/h2>\n\n<div class=\"has-text-align-center wp-block-post-date\"><time datetime=\"2026-03-31T15:02:20+02:00\">31 mars, 2026<\/time><\/div><\/div><\/div>\n\n<\/li><\/ul><\/div>\n","protected":false},"excerpt":{"rendered":"<p>A la Une : Actualit\u00e9s<\/p>\n","protected":false},"author":1,"featured_media":0,"parent":0,"menu_order":0,"comment_status":"closed","ping_status":"closed","template":"","meta":{"_crdt_document":"","footnotes":""},"class_list":["post-53","page","type-page","status-publish","hentry"],"jetpack_sharing_enabled":true,"_links":{"self":[{"href":"https:\/\/lamarelleenchantee.ovh\/wordpress\/wp-json\/wp\/v2\/pages\/53","targetHints":{"allow":["GET"]}}],"collection":[{"href":"https:\/\/lamarelleenchantee.ovh\/wordpress\/wp-json\/wp\/v2\/pages"}],"about":[{"href":"https:\/\/lamarelleenchantee.ovh\/wordpress\/wp-json\/wp\/v2\/types\/page"}],"author":[{"embeddable":true,"href":"https:\/\/lamarelleenchantee.ovh\/wordpress\/wp-json\/wp\/v2\/users\/1"}],"replies":[{"embeddable":true,"href":"https:\/\/lamarelleenchantee.ovh\/wordpress\/wp-json\/wp\/v2\/comments?post=53"}],"version-history":[{"count":14,"href":"https:\/\/lamarelleenchantee.ovh\/wordpress\/wp-json\/wp\/v2\/pages\/53\/revisions"}],"predecessor-version":[{"id":981,"href":"https:\/\/lamarelleenchantee.ovh\/wordpress\/wp-json\/wp\/v2\/pages\/53\/revisions\/981"}],"wp:attachment":[{"href":"https:\/\/lamarelleenchantee.ovh\/wordpress\/wp-json\/wp\/v2\/media?parent=53"}],"curies":[{"name":"wp","href":"https:\/\/api.w.org\/{rel}","templated":true}]}}